{"id":395,"date":"2020-12-08T06:31:01","date_gmt":"2020-12-08T06:31:01","guid":{"rendered":"https:\/\/www.transnationalhistory.net\/esperanto\/home-esperanto\/"},"modified":"2020-12-12T04:27:01","modified_gmt":"2020-12-12T04:27:01","slug":"home-esperanto","status":"publish","type":"page","link":"https:\/\/www.transnationalhistory.net\/esperanto\/","title":{"rendered":"\u0108efpa\u011do"},"content":{"rendered":"\t\t<div data-elementor-type=\"wp-page\" data-elementor-id=\"395\" class=\"elementor elementor-395\">\n\t\t\t\t\t\t<section class=\"elementor-section elementor-top-section elementor-element elementor-element-92de3f2 elementor-section-boxed elementor-section-height-default elementor-section-height-default\" data-id=\"92de3f2\" data-element_type=\"section\">\n\t\t\t\t\t\t<div class=\"elementor-container elementor-column-gap-default\">\n\t\t\t\t\t<div class=\"elementor-column elementor-col-100 elementor-top-column elementor-element elementor-element-74f1dad3\" data-id=\"74f1dad3\" data-element_type=\"column\">\n\t\t\t<div class=\"elementor-widget-wrap elementor-element-populated\">\n\t\t\t\t\t\t<div class=\"elementor-element elementor-element-5dbe2e6e elementor-widget elementor-widget-text-editor\" data-id=\"5dbe2e6e\" data-element_type=\"widget\" data-widget_type=\"text-editor.default\">\n\t\t\t\t<div class=\"elementor-widget-container\">\n\t\t\t\t\t\t\t\t\t<div class=\"boldgrid-section\">\r\n<div class=\"container\">\r\n<div class=\"row\">\r\n<div class=\"col-md-12 col-xs-12 col-sm-12\">\r\n\r\n&nbsp;\r\n\r\n<\/div>\r\n<\/div>\r\n<\/div>\r\n<\/div>\t\t\t\t\t\t\t\t<\/div>\n\t\t\t\t<\/div>\n\t\t\t\t\t<\/div>\n\t\t<\/div>\n\t\t\t\t\t<\/div>\n\t\t<\/section>\n\t\t\t\t<section class=\"elementor-section elementor-top-section elementor-element elementor-element-55c0dc1 elementor-section-boxed elementor-section-height-default elementor-section-height-default\" data-id=\"55c0dc1\" data-element_type=\"section\">\n\t\t\t\t\t\t<div class=\"elementor-container elementor-column-gap-default\">\n\t\t\t\t\t<div class=\"elementor-column elementor-col-66 elementor-top-column elementor-element elementor-element-2f8b145\" data-id=\"2f8b145\" data-element_type=\"column\">\n\t\t\t<div class=\"elementor-widget-wrap elementor-element-populated\">\n\t\t\t\t\t\t<div class=\"elementor-element elementor-element-6e506cf elementor-widget elementor-widget-image\" data-id=\"6e506cf\" data-element_type=\"widget\" data-widget_type=\"image.default\">\n\t\t\t\t<div class=\"elementor-widget-container\">\n\t\t\t\t\t\t\t\t\t\t\t\t\t\t\t<img fetchpriority=\"high\" decoding=\"async\" width=\"623\" height=\"328\" src=\"https:\/\/www.transnationalhistory.net\/esperanto\/wp-content\/uploads\/2020\/04\/Aberdeen-Esperanto-Society-May-1919-e1607431363773.jpeg\" class=\"attachment-full size-full wp-image-67\" alt=\"\" srcset=\"https:\/\/www.transnationalhistory.net\/esperanto\/wp-content\/uploads\/2020\/04\/Aberdeen-Esperanto-Society-May-1919-e1607431363773.jpeg 623w, https:\/\/www.transnationalhistory.net\/esperanto\/wp-content\/uploads\/2020\/04\/Aberdeen-Esperanto-Society-May-1919-e1607431363773-300x158.jpeg 300w, https:\/\/www.transnationalhistory.net\/esperanto\/wp-content\/uploads\/2020\/04\/Aberdeen-Esperanto-Society-May-1919-e1607431363773-250x132.jpeg 250w, https:\/\/www.transnationalhistory.net\/esperanto\/wp-content\/uploads\/2020\/04\/Aberdeen-Esperanto-Society-May-1919-e1607431363773-550x290.jpeg 550w, https:\/\/www.transnationalhistory.net\/esperanto\/wp-content\/uploads\/2020\/04\/Aberdeen-Esperanto-Society-May-1919-e1607431363773-342x180.jpeg 342w, https:\/\/www.transnationalhistory.net\/esperanto\/wp-content\/uploads\/2020\/04\/Aberdeen-Esperanto-Society-May-1919-e1607431363773-570x300.jpeg 570w\" sizes=\"(max-width: 623px) 100vw, 623px\" \/>\t\t\t\t\t\t\t\t\t\t\t\t\t\t\t<\/div>\n\t\t\t\t<\/div>\n\t\t\t\t\t<\/div>\n\t\t<\/div>\n\t\t\t\t<div class=\"elementor-column elementor-col-33 elementor-top-column elementor-element elementor-element-cc5a75f\" data-id=\"cc5a75f\" data-element_type=\"column\">\n\t\t\t<div class=\"elementor-widget-wrap elementor-element-populated\">\n\t\t\t\t\t\t<div class=\"elementor-element elementor-element-2d0a5d3 elementor-widget elementor-widget-heading\" data-id=\"2d0a5d3\" data-element_type=\"widget\" data-widget_type=\"heading.default\">\n\t\t\t\t<div class=\"elementor-widget-container\">\n\t\t\t\t\t<h2 class=\"elementor-heading-title elementor-size-default\"><span data-elementor-setting-key=\"title\" data-pen-placeholder=\"Type Here...\" style=\"font-size: 12px;font-style: normal;clear: both;font-family: Roboto, sans-serif;text-align: right\"><br><span style=\"font-weight: 700\">INSTITUTO POR TRANSNACIA KAJ SPACA HISTORIO<\/span><br><span style=\"font-weight: 700\">UNIVERSITATO DE ST ANDREWS<\/span><\/span><\/h2>\t\t\t\t<\/div>\n\t\t\t\t<\/div>\n\t\t\t\t<div class=\"elementor-element elementor-element-aa2f804 elementor-widget elementor-widget-heading\" data-id=\"aa2f804\" data-element_type=\"widget\" data-widget_type=\"heading.default\">\n\t\t\t\t<div class=\"elementor-widget-container\">\n\t\t\t\t\t<h2 class=\"elementor-heading-title elementor-size-small\"><span data-elementor-setting-key=\"title\" data-pen-placeholder=\"Type Here...\" style=\"font-size: 2rem;font-style: normal;clear: both;font-family: Arial, Helvetica, Verdana, sans-serif;text-align: start\">Esperanto kaj Internaciismo, \u0109.1880-1920<\/span><\/h2>\t\t\t\t<\/div>\n\t\t\t\t<\/div>\n\t\t\t\t\t<\/div>\n\t\t<\/div>\n\t\t\t\t\t<\/div>\n\t\t<\/section>\n\t\t\t\t<section class=\"elementor-section elementor-top-section elementor-element elementor-element-2f1f21c elementor-section-boxed elementor-section-height-default elementor-section-height-default\" data-id=\"2f1f21c\" data-element_type=\"section\">\n\t\t\t\t\t\t<div class=\"elementor-container elementor-column-gap-default\">\n\t\t\t\t\t<div class=\"elementor-column elementor-col-100 elementor-top-column elementor-element elementor-element-f395aec\" data-id=\"f395aec\" data-element_type=\"column\">\n\t\t\t<div class=\"elementor-widget-wrap elementor-element-populated\">\n\t\t\t\t\t\t<div class=\"elementor-element elementor-element-78ea3af elementor-widget elementor-widget-spacer\" data-id=\"78ea3af\" data-element_type=\"widget\" data-widget_type=\"spacer.default\">\n\t\t\t\t<div class=\"elementor-widget-container\">\n\t\t\t\t\t\t\t<div class=\"elementor-spacer\">\n\t\t\t<div class=\"elementor-spacer-inner\"><\/div>\n\t\t<\/div>\n\t\t\t\t\t\t<\/div>\n\t\t\t\t<\/div>\n\t\t\t\t\t<\/div>\n\t\t<\/div>\n\t\t\t\t\t<\/div>\n\t\t<\/section>\n\t\t\t\t<section class=\"elementor-section elementor-top-section elementor-element elementor-element-83189f5 elementor-section-boxed elementor-section-height-default elementor-section-height-default\" data-id=\"83189f5\" data-element_type=\"section\">\n\t\t\t\t\t\t<div class=\"elementor-container elementor-column-gap-default\">\n\t\t\t\t\t<div class=\"elementor-column elementor-col-66 elementor-top-column elementor-element elementor-element-945c5ef\" data-id=\"945c5ef\" data-element_type=\"column\">\n\t\t\t<div class=\"elementor-widget-wrap elementor-element-populated\">\n\t\t\t\t\t\t<div class=\"elementor-element elementor-element-58d3e1c elementor-widget elementor-widget-text-editor\" data-id=\"58d3e1c\" data-element_type=\"widget\" data-widget_type=\"text-editor.default\">\n\t\t\t\t<div class=\"elementor-widget-container\">\n\t\t\t\t\t\t\t\t\t<h4 style=\"text-align: center;\">&nbsp;<span style=\"font-size: 1.3333333333333rem; text-align: center;\">Bonvenon \u0109e &#8220;Esperanto kaj Internaciismo, \u0109. 1880-1920&#8221;, kunlabora projekto en la Lernejo pri Historio de la Universitato de St Andrews. \u0108i tie vi trovos \u0109iujn nova\u0135ojn kaj informojn pri nia laboro.<\/span><\/h4>\t\t\t\t\t\t\t\t<\/div>\n\t\t\t\t<\/div>\n\t\t\t\t<div class=\"elementor-element elementor-element-dc6b1a1 elementor-widget elementor-widget-spacer\" data-id=\"dc6b1a1\" data-element_type=\"widget\" data-widget_type=\"spacer.default\">\n\t\t\t\t<div class=\"elementor-widget-container\">\n\t\t\t\t\t\t\t<div class=\"elementor-spacer\">\n\t\t\t<div class=\"elementor-spacer-inner\"><\/div>\n\t\t<\/div>\n\t\t\t\t\t\t<\/div>\n\t\t\t\t<\/div>\n\t\t\t\t<div class=\"elementor-element elementor-element-208cfe1 elementor-arrows-position-inside elementor-pagination-position-outside elementor-widget elementor-widget-image-carousel\" data-id=\"208cfe1\" data-element_type=\"widget\" data-settings=\"{&quot;navigation&quot;:&quot;both&quot;,&quot;autoplay&quot;:&quot;yes&quot;,&quot;pause_on_hover&quot;:&quot;yes&quot;,&quot;pause_on_interaction&quot;:&quot;yes&quot;,&quot;autoplay_speed&quot;:5000,&quot;infinite&quot;:&quot;yes&quot;,&quot;speed&quot;:500}\" data-widget_type=\"image-carousel.default\">\n\t\t\t\t<div class=\"elementor-widget-container\">\n\t\t\t\t\t\t\t<div class=\"elementor-image-carousel-wrapper swiper\" role=\"region\" aria-roledescription=\"carousel\" aria-label=\"Image Carousel\" dir=\"ltr\">\n\t\t\t<div class=\"elementor-image-carousel swiper-wrapper\" aria-live=\"off\">\n\t\t\t\t\t\t\t\t<div class=\"swiper-slide\" role=\"group\" aria-roledescription=\"slide\" aria-label=\"1 of 7\"><figure class=\"swiper-slide-inner\"><img decoding=\"async\" class=\"swiper-slide-image\" src=\"https:\/\/www.transnationalhistory.net\/esperanto\/wp-content\/uploads\/2020\/12\/Bujwid-Esperato-1922-150x150.jpg\" alt=\"Bujwid Esperato 1922\" \/><\/figure><\/div><div class=\"swiper-slide\" role=\"group\" aria-roledescription=\"slide\" aria-label=\"2 of 7\"><figure class=\"swiper-slide-inner\"><img decoding=\"async\" class=\"swiper-slide-image\" src=\"https:\/\/www.transnationalhistory.net\/esperanto\/wp-content\/uploads\/2020\/12\/Neudek-Esperanto-1926-150x150.png\" alt=\"Neudek Esperanto 1926\" \/><\/figure><\/div><div class=\"swiper-slide\" role=\"group\" aria-roledescription=\"slide\" aria-label=\"3 of 7\"><figure class=\"swiper-slide-inner\"><img decoding=\"async\" class=\"swiper-slide-image\" src=\"https:\/\/www.transnationalhistory.net\/esperanto\/wp-content\/uploads\/2020\/12\/10020784-150x150.jpg\" alt=\"Feierliche Er\u00f6ffnung des &quot;5a Universala Kongreso de Esperanto&quot;. Blick \u00fcber das Auditorium\" \/><\/figure><\/div><div class=\"swiper-slide\" role=\"group\" aria-roledescription=\"slide\" aria-label=\"4 of 7\"><figure class=\"swiper-slide-inner\"><img decoding=\"async\" class=\"swiper-slide-image\" src=\"https:\/\/www.transnationalhistory.net\/esperanto\/wp-content\/uploads\/2020\/12\/10021238-150x150.jpg\" alt=\"Feierliche Er\u00f6ffnung des &quot;5a Universala Kongreso de Esperanto&quot;\" \/><\/figure><\/div><div class=\"swiper-slide\" role=\"group\" aria-roledescription=\"slide\" aria-label=\"5 of 7\"><figure class=\"swiper-slide-inner\"><img decoding=\"async\" class=\"swiper-slide-image\" src=\"https:\/\/www.transnationalhistory.net\/esperanto\/wp-content\/uploads\/2020\/12\/Gruppenfoto_10er_Deutscher_Esperanto_Kongress_Essen_1921-scaled-e1607974489222.jpg\" alt=\"Gruppenfoto_10er_Deutscher_Esperanto_Kongress_Essen_1921\" \/><\/figure><\/div><div class=\"swiper-slide\" role=\"group\" aria-roledescription=\"slide\" aria-label=\"6 of 7\"><figure class=\"swiper-slide-inner\"><img decoding=\"async\" class=\"swiper-slide-image\" src=\"https:\/\/www.transnationalhistory.net\/esperanto\/wp-content\/uploads\/2020\/12\/1971_VOCABULAIRE_ESPERANTO-150x150.jpg\" alt=\"1971_VOCABULAIRE_ESP\u00c9RANTO\" \/><\/figure><\/div><div class=\"swiper-slide\" role=\"group\" aria-roledescription=\"slide\" aria-label=\"7 of 7\"><figure class=\"swiper-slide-inner\"><img decoding=\"async\" class=\"swiper-slide-image\" src=\"https:\/\/www.transnationalhistory.net\/esperanto\/wp-content\/uploads\/2020\/12\/Postcard-Dundee-Kutna-Hora-150x150.jpg\" alt=\"Postcard Dundee - Kutna Hora\" \/><\/figure><\/div>\t\t\t<\/div>\n\t\t\t\t\t\t\t\t\t\t\t\t<div class=\"elementor-swiper-button elementor-swiper-button-prev\" role=\"button\" tabindex=\"0\">\n\t\t\t\t\t\t<i aria-hidden=\"true\" class=\"eicon-chevron-left\"><\/i>\t\t\t\t\t<\/div>\n\t\t\t\t\t<div class=\"elementor-swiper-button elementor-swiper-button-next\" role=\"button\" tabindex=\"0\">\n\t\t\t\t\t\t<i aria-hidden=\"true\" class=\"eicon-chevron-right\"><\/i>\t\t\t\t\t<\/div>\n\t\t\t\t\n\t\t\t\t\t\t\t\t\t<div class=\"swiper-pagination\"><\/div>\n\t\t\t\t\t\t\t\t\t<\/div>\n\t\t\t\t\t\t<\/div>\n\t\t\t\t<\/div>\n\t\t\t\t<div class=\"elementor-element elementor-element-c42874d elementor-widget-divider--view-line elementor-widget elementor-widget-divider\" data-id=\"c42874d\" data-element_type=\"widget\" data-widget_type=\"divider.default\">\n\t\t\t\t<div class=\"elementor-widget-container\">\n\t\t\t\t\t\t\t<div class=\"elementor-divider\">\n\t\t\t<span class=\"elementor-divider-separator\">\n\t\t\t\t\t\t<\/span>\n\t\t<\/div>\n\t\t\t\t\t\t<\/div>\n\t\t\t\t<\/div>\n\t\t\t\t<div class=\"elementor-element elementor-element-75fb3b0 elementor-widget elementor-widget-heading\" data-id=\"75fb3b0\" data-element_type=\"widget\" data-widget_type=\"heading.default\">\n\t\t\t\t<div class=\"elementor-widget-container\">\n\t\t\t\t\t<h2 class=\"elementor-heading-title elementor-size-default\">Nova\u0135oj<\/h2>\t\t\t\t<\/div>\n\t\t\t\t<\/div>\n\t\t\t\t<div class=\"elementor-element elementor-element-4a57bf5 elementor-widget elementor-widget-text-editor\" data-id=\"4a57bf5\" data-element_type=\"widget\" data-widget_type=\"text-editor.default\">\n\t\t\t\t<div class=\"elementor-widget-container\">\n\t\t\t\t\t\t\t\t\t<h3><strong>6 Novembro 2020<\/strong><\/h3><p>The German Historical Institute published an online report on Dr Bernhard Struck and Marcel Koschek&#8217;s talk titled &#8216;Polish Esperantists as local internationalists? The Esperanto movement in east central Europe, 1880s-1930s&#8217;<\/p><p>Website: <a href=\"https:\/\/www.dhi.waw.pl\/aktuelle-meldungen\/detail\/news\/die-esperantobewegung-in-ostmitteleuropa.html\">https:\/\/www.dhi.waw.pl\/aktuelle-meldungen\/detail\/news\/die-esperantobewegung-in-ostmitteleuropa.html\u00a0<\/a><\/p>\t\t\t\t\t\t\t\t<\/div>\n\t\t\t\t<\/div>\n\t\t\t\t\t<\/div>\n\t\t<\/div>\n\t\t\t\t<div class=\"elementor-column elementor-col-33 elementor-top-column elementor-element elementor-element-ac31fde\" data-id=\"ac31fde\" data-element_type=\"column\">\n\t\t\t<div class=\"elementor-widget-wrap elementor-element-populated\">\n\t\t\t\t\t\t<div class=\"elementor-element elementor-element-af49107 elementor-widget elementor-widget-sidebar\" data-id=\"af49107\" data-element_type=\"widget\" data-widget_type=\"sidebar.default\">\n\t\t\t\t<div class=\"elementor-widget-container\">\n\t\t\t\t\t<aside id=\"polylang-3\" class=\"widget widget_polylang\"><h2 class=\"widget-title\">Language<\/h2><nav aria-label=\"Language\"><ul>\n\t<li class=\"lang-item lang-item-11 lang-item-en lang-item-first\"><a lang=\"en-GB\" hreflang=\"en-GB\" href=\"https:\/\/www.transnationalhistory.net\/esperanto\/en\/705ea-home\/\"><img decoding=\"async\" src=\"data:image\/png;base64,iVBORw0KGgoAAAANSUhEUgAAABAAAAALCAMAAABBPP0LAAAAt1BMVEWSmb66z+18msdig8La3u+tYX9IaLc7W7BagbmcUW+kqMr\/q6n+\/\/+hsNv\/lIr\/jIGMnNLJyOP9\/fyQttT\/wb3\/\/\/\/\/aWn+YWF5kNT0oqz0i4ueqtIZNJjhvt\/8gn\/\/WVr\/6+rN1+o9RKZwgcMPJpX\/VFT9UEn+RUX8Ozv2Ly+FGzdYZrfU1e\/8LS\/lQkG\/mbVUX60AE231hHtcdMb0mp3qYFTFwNu3w9prcqSURGNDaaIUMX5FNW5wYt7AAAAAjklEQVR4AR3HNUJEMQCGwf+L8RR36ajR+1+CEuvRdd8kK9MNAiRQNgJmVDAt1yM6kSzYVJUsPNssAk5N7ZFKjVNFAY4co6TAOI+kyQm+LFUEBEKKzuWUNB7rSH\/rSnvOulOGk+QlXTBqMIrfYX4tSe2nP3iRa\/KNK7uTmWJ5a9+erZ3d+18od4ytiZdvZyuKWy8o3UpTVAAAAABJRU5ErkJggg==\" alt=\"\" width=\"16\" height=\"11\" style=\"width: 16px; height: 11px;\" \/><span style=\"margin-left:0.3em;\">English<\/span><\/a><\/li>\n<\/ul>\n<\/nav><\/aside><aside id=\"search-4\" class=\"widget widget_search\"><h2 class=\"widget-title\">Search<\/h2><form role=\"search\" method=\"get\" class=\"search-form\" action=\"https:\/\/www.transnationalhistory.net\/esperanto\/\">\n\t<label>\n\t\t<span class=\"screen-reader-text\">Search for:<\/span>\n\t\t<input type=\"search\" class=\"search-field\"  placeholder=\"Search...\" value=\"\" name=\"s\" tabindex=\"-1\">\n\t\t\t<\/label>\n\t\t\t<input type=\"submit\" class=\"search-submit\" value=\"Search\">\n\t<\/form>\n<\/aside><aside id=\"archives-5\" class=\"widget widget_archive\"><h2 class=\"widget-title\">Archives<\/h2><nav aria-label=\"Archives\">\n\t\t\t<ul>\n\t\t\t\t\t<li><a href='https:\/\/www.transnationalhistory.net\/esperanto\/2023\/06\/'>June 2023<\/a><\/li>\n\t<li><a href='https:\/\/www.transnationalhistory.net\/esperanto\/2023\/02\/'>February 2023<\/a><\/li>\n\t<li><a href='https:\/\/www.transnationalhistory.net\/esperanto\/2022\/09\/'>September 2022<\/a><\/li>\n\t<li><a href='https:\/\/www.transnationalhistory.net\/esperanto\/2021\/12\/'>December 2021<\/a><\/li>\n\t<li><a href='https:\/\/www.transnationalhistory.net\/esperanto\/2021\/09\/'>September 2021<\/a><\/li>\n\t<li><a href='https:\/\/www.transnationalhistory.net\/esperanto\/2021\/05\/'>May 2021<\/a><\/li>\n\t<li><a href='https:\/\/www.transnationalhistory.net\/esperanto\/2021\/04\/'>April 2021<\/a><\/li>\n\t<li><a href='https:\/\/www.transnationalhistory.net\/esperanto\/2021\/02\/'>February 2021<\/a><\/li>\n\t<li><a href='https:\/\/www.transnationalhistory.net\/esperanto\/2020\/12\/'>December 2020<\/a><\/li>\n\t\t\t<\/ul>\n\n\t\t\t<\/nav><\/aside><aside id=\"tag_cloud-5\" class=\"widget widget_tag_cloud\"><h2 class=\"widget-title\">Tags<\/h2><nav aria-label=\"Tags\"><div class=\"tagcloud\"><a href=\"https:\/\/www.transnationalhistory.net\/esperanto\/en\/tag\/brazil\/\" class=\"tag-cloud-link tag-link-105 tag-link-position-1\" style=\"font-size: 15.25px;\" aria-label=\"#Brazil (2 items)\">#Brazil<\/a>\n<a href=\"https:\/\/www.transnationalhistory.net\/esperanto\/en\/tag\/cosmopolitanism\/\" class=\"tag-cloud-link tag-link-99 tag-link-position-2\" style=\"font-size: 13px;\" aria-label=\"#cosmopolitanism (1 item)\">#cosmopolitanism<\/a>\n<a href=\"https:\/\/www.transnationalhistory.net\/esperanto\/en\/tag\/international-language\/\" class=\"tag-cloud-link tag-link-103 tag-link-position-3\" style=\"font-size: 13px;\" aria-label=\"#international language (1 item)\">#international language<\/a>\n<a href=\"https:\/\/www.transnationalhistory.net\/esperanto\/en\/tag\/nationalism\/\" class=\"tag-cloud-link tag-link-101 tag-link-position-4\" style=\"font-size: 13px;\" aria-label=\"#nationalism (1 item)\">#nationalism<\/a>\n<a href=\"https:\/\/www.transnationalhistory.net\/esperanto\/en\/tag\/1905\/\" class=\"tag-cloud-link tag-link-96 tag-link-position-5\" style=\"font-size: 13px;\" aria-label=\"1905 (1 item)\">1905<\/a>\n<a href=\"https:\/\/www.transnationalhistory.net\/esperanto\/en\/tag\/1909\/\" class=\"tag-cloud-link tag-link-163 tag-link-position-6\" style=\"font-size: 13px;\" aria-label=\"1909 (1 item)\">1909<\/a>\n<a href=\"https:\/\/www.transnationalhistory.net\/esperanto\/en\/tag\/1919-en\/\" class=\"tag-cloud-link tag-link-57 tag-link-position-7\" style=\"font-size: 13px;\" aria-label=\"1919 (1 item)\">1919<\/a>\n<a href=\"https:\/\/www.transnationalhistory.net\/esperanto\/en\/tag\/aberdeen-en\/\" class=\"tag-cloud-link tag-link-59 tag-link-position-8\" style=\"font-size: 13px;\" aria-label=\"Aberdeen (1 item)\">Aberdeen<\/a>\n<a href=\"https:\/\/www.transnationalhistory.net\/esperanto\/en\/tag\/auschwitz-en\/\" class=\"tag-cloud-link tag-link-139 tag-link-position-9\" style=\"font-size: 13px;\" aria-label=\"Auschwitz (1 item)\">Auschwitz<\/a>\n<a href=\"https:\/\/www.transnationalhistory.net\/esperanto\/en\/tag\/barcelona\/\" class=\"tag-cloud-link tag-link-159 tag-link-position-10\" style=\"font-size: 13px;\" aria-label=\"Barcelona (1 item)\">Barcelona<\/a>\n<a href=\"https:\/\/www.transnationalhistory.net\/esperanto\/en\/tag\/berlin-en\/\" class=\"tag-cloud-link tag-link-141 tag-link-position-11\" style=\"font-size: 13px;\" aria-label=\"Berlin (1 item)\">Berlin<\/a>\n<a href=\"https:\/\/www.transnationalhistory.net\/esperanto\/en\/tag\/biography\/\" class=\"tag-cloud-link tag-link-7 tag-link-position-12\" style=\"font-size: 15.25px;\" aria-label=\"Biography (2 items)\">Biography<\/a>\n<a href=\"https:\/\/www.transnationalhistory.net\/esperanto\/en\/tag\/catalonia\/\" class=\"tag-cloud-link tag-link-157 tag-link-position-13\" style=\"font-size: 15.25px;\" aria-label=\"Catalonia (2 items)\">Catalonia<\/a>\n<a href=\"https:\/\/www.transnationalhistory.net\/esperanto\/en\/tag\/dh-en\/\" class=\"tag-cloud-link tag-link-133 tag-link-position-14\" style=\"font-size: 13px;\" aria-label=\"DH (1 item)\">DH<\/a>\n<a href=\"https:\/\/www.transnationalhistory.net\/esperanto\/en\/tag\/dundee\/\" class=\"tag-cloud-link tag-link-165 tag-link-position-15\" style=\"font-size: 13px;\" aria-label=\"Dundee (1 item)\">Dundee<\/a>\n<a href=\"https:\/\/www.transnationalhistory.net\/esperanto\/en\/tag\/esperanto-en\/\" class=\"tag-cloud-link tag-link-61 tag-link-position-16\" style=\"font-size: 18px;\" aria-label=\"Esperanto (4 items)\">Esperanto<\/a>\n<a href=\"https:\/\/www.transnationalhistory.net\/esperanto\/en\/tag\/gender-en\/\" class=\"tag-cloud-link tag-link-63 tag-link-position-17\" style=\"font-size: 13px;\" aria-label=\"gender (1 item)\">gender<\/a>\n<a href=\"https:\/\/www.transnationalhistory.net\/esperanto\/en\/tag\/habsburg-en\/\" class=\"tag-cloud-link tag-link-143 tag-link-position-18\" style=\"font-size: 15.25px;\" aria-label=\"Habsburg (2 items)\">Habsburg<\/a>\n<a href=\"https:\/\/www.transnationalhistory.net\/esperanto\/en\/tag\/isbrucker-en\/\" class=\"tag-cloud-link tag-link-145 tag-link-position-19\" style=\"font-size: 13px;\" aria-label=\"Isbr\u00fccker (1 item)\">Isbr\u00fccker<\/a>\n<a href=\"https:\/\/www.transnationalhistory.net\/esperanto\/en\/tag\/koschek-en\/\" class=\"tag-cloud-link tag-link-135 tag-link-position-20\" style=\"font-size: 13px;\" aria-label=\"Koschek (1 item)\">Koschek<\/a>\n<a href=\"https:\/\/www.transnationalhistory.net\/esperanto\/en\/tag\/lins-en\/\" class=\"tag-cloud-link tag-link-147 tag-link-position-21\" style=\"font-size: 13px;\" aria-label=\"Lins (1 item)\">Lins<\/a>\n<a href=\"https:\/\/www.transnationalhistory.net\/esperanto\/en\/tag\/local-en\/\" class=\"tag-cloud-link tag-link-65 tag-link-position-22\" style=\"font-size: 13px;\" aria-label=\"local (1 item)\">local<\/a>\n<a href=\"https:\/\/www.transnationalhistory.net\/esperanto\/en\/tag\/mapping\/\" class=\"tag-cloud-link tag-link-30 tag-link-position-23\" style=\"font-size: 13px;\" aria-label=\"Mapping (1 item)\">Mapping<\/a>\n<a href=\"https:\/\/www.transnationalhistory.net\/esperanto\/en\/tag\/netherland-en\/\" class=\"tag-cloud-link tag-link-149 tag-link-position-24\" style=\"font-size: 13px;\" aria-label=\"Netherland (1 item)\">Netherland<\/a>\n<a href=\"https:\/\/www.transnationalhistory.net\/esperanto\/en\/tag\/ostwald-en\/\" class=\"tag-cloud-link tag-link-151 tag-link-position-25\" style=\"font-size: 13px;\" aria-label=\"Ostwald (1 item)\">Ostwald<\/a>\n<a href=\"https:\/\/www.transnationalhistory.net\/esperanto\/en\/tag\/paris-en\/\" class=\"tag-cloud-link tag-link-153 tag-link-position-26\" style=\"font-size: 13px;\" aria-label=\"Paris (1 item)\">Paris<\/a>\n<a href=\"https:\/\/www.transnationalhistory.net\/esperanto\/en\/tag\/poland\/\" class=\"tag-cloud-link tag-link-6 tag-link-position-27\" style=\"font-size: 13px;\" aria-label=\"Poland (1 item)\">Poland<\/a>\n<a href=\"https:\/\/www.transnationalhistory.net\/esperanto\/en\/tag\/scotland-en\/\" class=\"tag-cloud-link tag-link-67 tag-link-position-28\" style=\"font-size: 16.75px;\" aria-label=\"Scotland (3 items)\">Scotland<\/a>\n<a href=\"https:\/\/www.transnationalhistory.net\/esperanto\/en\/tag\/social-en\/\" class=\"tag-cloud-link tag-link-69 tag-link-position-29\" style=\"font-size: 13px;\" aria-label=\"social (1 item)\">social<\/a>\n<a href=\"https:\/\/www.transnationalhistory.net\/esperanto\/en\/tag\/society-en\/\" class=\"tag-cloud-link tag-link-71 tag-link-position-30\" style=\"font-size: 13px;\" aria-label=\"society (1 item)\">society<\/a>\n<a href=\"https:\/\/www.transnationalhistory.net\/esperanto\/en\/tag\/spain\/\" class=\"tag-cloud-link tag-link-161 tag-link-position-31\" style=\"font-size: 15.25px;\" aria-label=\"Spain (2 items)\">Spain<\/a>\n<a href=\"https:\/\/www.transnationalhistory.net\/esperanto\/en\/tag\/sports\/\" class=\"tag-cloud-link tag-link-90 tag-link-position-32\" style=\"font-size: 13px;\" aria-label=\"sports (1 item)\">sports<\/a>\n<a href=\"https:\/\/www.transnationalhistory.net\/esperanto\/en\/tag\/st-andrews\/\" class=\"tag-cloud-link tag-link-86 tag-link-position-33\" style=\"font-size: 13px;\" aria-label=\"St. Andrews (1 item)\">St. Andrews<\/a>\n<a href=\"https:\/\/www.transnationalhistory.net\/esperanto\/en\/tag\/teka-en\/\" class=\"tag-cloud-link tag-link-137 tag-link-position-34\" style=\"font-size: 13px;\" aria-label=\"TEKA (1 item)\">TEKA<\/a>\n<a href=\"https:\/\/www.transnationalhistory.net\/esperanto\/en\/tag\/the-esperantist\/\" class=\"tag-cloud-link tag-link-94 tag-link-position-35\" style=\"font-size: 13px;\" aria-label=\"The Esperantist (1 item)\">The Esperantist<\/a>\n<a href=\"https:\/\/www.transnationalhistory.net\/esperanto\/en\/tag\/tourism\/\" class=\"tag-cloud-link tag-link-88 tag-link-position-36\" style=\"font-size: 13px;\" aria-label=\"tourism (1 item)\">tourism<\/a>\n<a href=\"https:\/\/www.transnationalhistory.net\/esperanto\/en\/tag\/tra-la-mondo\/\" class=\"tag-cloud-link tag-link-92 tag-link-position-37\" style=\"font-size: 13px;\" aria-label=\"Tra la Mondo (1 item)\">Tra la Mondo<\/a>\n<a href=\"https:\/\/www.transnationalhistory.net\/esperanto\/en\/tag\/universal-congress\/\" class=\"tag-cloud-link tag-link-155 tag-link-position-38\" style=\"font-size: 13px;\" aria-label=\"Universal Congress (1 item)\">Universal Congress<\/a>\n<a href=\"https:\/\/www.transnationalhistory.net\/esperanto\/en\/tag\/urban-en\/\" class=\"tag-cloud-link tag-link-73 tag-link-position-39\" style=\"font-size: 13px;\" aria-label=\"urban (1 item)\">urban<\/a>\n<a href=\"https:\/\/www.transnationalhistory.net\/esperanto\/en\/tag\/warsaw\/\" class=\"tag-cloud-link tag-link-5 tag-link-position-40\" style=\"font-size: 15.25px;\" aria-label=\"Warsaw (2 items)\">Warsaw<\/a>\n<a href=\"https:\/\/www.transnationalhistory.net\/esperanto\/en\/tag\/women-en\/\" class=\"tag-cloud-link tag-link-75 tag-link-position-41\" style=\"font-size: 13px;\" aria-label=\"women (1 item)\">women<\/a><\/div>\n<\/nav><\/aside><aside id=\"text-5\" class=\"widget widget_text\"><h2 class=\"widget-title\">Recent Tweets<\/h2>\t\t\t<div class=\"textwidget\"><p><a class=\"twitter-timeline\" data-width=\"500\" data-height=\"750\" data-dnt=\"true\" href=\"https:\/\/twitter.com\/EsperantoStAnd?ref_src=twsrc%5Etfw\">Tweets by EsperantoStAnd<\/a><script async src=\"https:\/\/platform.twitter.com\/widgets.js\" charset=\"utf-8\"><\/script><\/p>\n<\/div>\n\t\t<\/aside>\t\t\t\t<\/div>\n\t\t\t\t<\/div>\n\t\t\t\t\t<\/div>\n\t\t<\/div>\n\t\t\t\t\t<\/div>\n\t\t<\/section>\n\t\t\t\t<section class=\"elementor-section elementor-top-section elementor-element elementor-element-7636bd9 elementor-section-boxed elementor-section-height-default elementor-section-height-default\" data-id=\"7636bd9\" data-element_type=\"section\">\n\t\t\t\t\t\t<div class=\"elementor-container elementor-column-gap-default\">\n\t\t\t\t\t<div class=\"elementor-column elementor-col-100 elementor-top-column elementor-element elementor-element-bc8016c\" data-id=\"bc8016c\" data-element_type=\"column\">\n\t\t\t<div class=\"elementor-widget-wrap\">\n\t\t\t\t\t\t\t<\/div>\n\t\t<\/div>\n\t\t\t\t\t<\/div>\n\t\t<\/section>\n\t\t\t\t<section class=\"elementor-section elementor-top-section elementor-element elementor-element-7f97ab4 elementor-section-boxed elementor-section-height-default elementor-section-height-default\" data-id=\"7f97ab4\" data-element_type=\"section\">\n\t\t\t\t\t\t<div class=\"elementor-container elementor-column-gap-default\">\n\t\t\t\t\t<div class=\"elementor-column elementor-col-100 elementor-top-column elementor-element elementor-element-3e7d780\" data-id=\"3e7d780\" data-element_type=\"column\">\n\t\t\t<div class=\"elementor-widget-wrap elementor-element-populated\">\n\t\t\t\t\t\t<div class=\"elementor-element elementor-element-237b200 elementor-widget elementor-widget-heading\" data-id=\"237b200\" data-element_type=\"widget\" data-widget_type=\"heading.default\">\n\t\t\t\t<div class=\"elementor-widget-container\">\n\t\t\t\t\t<h2 class=\"elementor-heading-title elementor-size-default\">Sekvu nian projekton <\/h2>\t\t\t\t<\/div>\n\t\t\t\t<\/div>\n\t\t\t\t\t<\/div>\n\t\t<\/div>\n\t\t\t\t\t<\/div>\n\t\t<\/section>\n\t\t\t\t<section class=\"elementor-section elementor-top-section elementor-element elementor-element-225adb0 elementor-section-boxed elementor-section-height-default elementor-section-height-default\" data-id=\"225adb0\" data-element_type=\"section\">\n\t\t\t\t\t\t<div class=\"elementor-container elementor-column-gap-default\">\n\t\t\t\t\t<div class=\"elementor-column elementor-col-100 elementor-top-column elementor-element elementor-element-518561f\" data-id=\"518561f\" data-element_type=\"column\">\n\t\t\t<div class=\"elementor-widget-wrap elementor-element-populated\">\n\t\t\t\t\t\t<div class=\"elementor-element elementor-element-ba78ac4 elementor-shape-circle elementor-grid-2 e-grid-align-center elementor-widget elementor-widget-social-icons\" data-id=\"ba78ac4\" data-element_type=\"widget\" data-widget_type=\"social-icons.default\">\n\t\t\t\t<div class=\"elementor-widget-container\">\n\t\t\t\t\t\t\t<div class=\"elementor-social-icons-wrapper elementor-grid\" role=\"list\">\n\t\t\t\t\t\t\t<span class=\"elementor-grid-item\" role=\"listitem\">\n\t\t\t\t\t<a class=\"elementor-icon elementor-social-icon elementor-social-icon-facebook elementor-repeater-item-950625a\" href=\"https:\/\/www.facebook.com\/EsperantoAndInternationalism\" target=\"_blank\">\n\t\t\t\t\t\t<span class=\"elementor-screen-only\">Facebook<\/span>\n\t\t\t\t\t\t<i aria-hidden=\"true\" class=\"fab fa-facebook\"><\/i>\t\t\t\t\t<\/a>\n\t\t\t\t<\/span>\n\t\t\t\t\t\t\t<span class=\"elementor-grid-item\" role=\"listitem\">\n\t\t\t\t\t<a class=\"elementor-icon elementor-social-icon elementor-social-icon-twitter elementor-repeater-item-cdc7306\" href=\"https:\/\/twitter.com\/EsperantoStAnd\" target=\"_blank\">\n\t\t\t\t\t\t<span class=\"elementor-screen-only\">Twitter<\/span>\n\t\t\t\t\t\t<i aria-hidden=\"true\" class=\"fab fa-twitter\"><\/i>\t\t\t\t\t<\/a>\n\t\t\t\t<\/span>\n\t\t\t\t\t<\/div>\n\t\t\t\t\t\t<\/div>\n\t\t\t\t<\/div>\n\t\t\t\t\t<\/div>\n\t\t<\/div>\n\t\t\t\t\t<\/div>\n\t\t<\/section>\n\t\t\t\t<section class=\"elementor-section elementor-top-section elementor-element elementor-element-53c418e elementor-section-boxed elementor-section-height-default elementor-section-height-default\" data-id=\"53c418e\" data-element_type=\"section\">\n\t\t\t\t\t\t<div class=\"elementor-container elementor-column-gap-default\">\n\t\t\t\t\t<div class=\"elementor-column elementor-col-25 elementor-top-column elementor-element elementor-element-03ed1e1\" data-id=\"03ed1e1\" data-element_type=\"column\">\n\t\t\t<div class=\"elementor-widget-wrap elementor-element-populated\">\n\t\t\t\t\t\t<div class=\"elementor-element elementor-element-7574400 elementor-widget elementor-widget-image\" data-id=\"7574400\" data-element_type=\"widget\" data-widget_type=\"image.default\">\n\t\t\t\t<div class=\"elementor-widget-container\">\n\t\t\t\t\t\t\t\t\t\t\t\t\t\t\t<img decoding=\"async\" src=\"https:\/\/www.transnationalhistory.net\/esperanto\/wp-content\/uploads\/elementor\/thumbs\/Gruppenfoto_10er_Deutscher_Esperanto_Kongress_Essen_1921-scaled-e1607974489222-ozv9rw2iabe48xpkg6k4dq1biujeavaa9ge082frsy.jpg\" title=\"Gruppenfoto_10er_Deutscher_Esperanto_Kongress_Essen_1921\" alt=\"Gruppenfoto_10er_Deutscher_Esperanto_Kongress_Essen_1921\" loading=\"lazy\" \/>\t\t\t\t\t\t\t\t\t\t\t\t\t\t\t<\/div>\n\t\t\t\t<\/div>\n\t\t\t\t\t<\/div>\n\t\t<\/div>\n\t\t\t\t<div class=\"elementor-column elementor-col-25 elementor-top-column elementor-element elementor-element-38652bc\" data-id=\"38652bc\" data-element_type=\"column\">\n\t\t\t<div class=\"elementor-widget-wrap elementor-element-populated\">\n\t\t\t\t\t\t<div class=\"elementor-element elementor-element-add8c6c elementor-widget elementor-widget-image\" data-id=\"add8c6c\" data-element_type=\"widget\" data-widget_type=\"image.default\">\n\t\t\t\t<div class=\"elementor-widget-container\">\n\t\t\t\t\t\t\t\t\t\t\t\t\t\t\t<img decoding=\"async\" src=\"https:\/\/www.transnationalhistory.net\/esperanto\/wp-content\/uploads\/elementor\/thumbs\/1971_VOCABULAIRE_ESPERANTO-scaled-ozp8tev7ehfq34v55k5z864h85e1gj8a36g4v540hu.jpg\" title=\"1971_VOCABULAIRE_ESP\u00c9RANTO\" alt=\"1971_VOCABULAIRE_ESP\u00c9RANTO\" loading=\"lazy\" \/>\t\t\t\t\t\t\t\t\t\t\t\t\t\t\t<\/div>\n\t\t\t\t<\/div>\n\t\t\t\t\t<\/div>\n\t\t<\/div>\n\t\t\t\t<div class=\"elementor-column elementor-col-25 elementor-top-column elementor-element elementor-element-2d9ecb8\" data-id=\"2d9ecb8\" data-element_type=\"column\">\n\t\t\t<div class=\"elementor-widget-wrap elementor-element-populated\">\n\t\t\t\t\t\t<div class=\"elementor-element elementor-element-b0a7467 elementor-widget elementor-widget-image\" data-id=\"b0a7467\" data-element_type=\"widget\" data-widget_type=\"image.default\">\n\t\t\t\t<div class=\"elementor-widget-container\">\n\t\t\t\t\t\t\t\t\t\t\t\t\t\t\t<img decoding=\"async\" src=\"https:\/\/www.transnationalhistory.net\/esperanto\/wp-content\/uploads\/elementor\/thumbs\/Aberdeen-Esperanto-Society-May-1919-oznvko701woru9vbps6z80jl4905iqkkoxcihfklfm.jpeg\" title=\"Aberdeen Esperanto Society May 1919\" alt=\"Aberdeen 1919\" loading=\"lazy\" \/>\t\t\t\t\t\t\t\t\t\t\t\t\t\t\t<\/div>\n\t\t\t\t<\/div>\n\t\t\t\t\t<\/div>\n\t\t<\/div>\n\t\t\t\t<div class=\"elementor-column elementor-col-25 elementor-top-column elementor-element elementor-element-d8a6ba1\" data-id=\"d8a6ba1\" data-element_type=\"column\">\n\t\t\t<div class=\"elementor-widget-wrap elementor-element-populated\">\n\t\t\t\t\t\t<div class=\"elementor-element elementor-element-03e54f9 elementor-widget elementor-widget-image\" data-id=\"03e54f9\" data-element_type=\"widget\" data-widget_type=\"image.default\">\n\t\t\t\t<div class=\"elementor-widget-container\">\n\t\t\t\t\t\t\t\t\t\t\t\t\t\t\t<img decoding=\"async\" src=\"https:\/\/www.transnationalhistory.net\/esperanto\/wp-content\/uploads\/elementor\/thumbs\/10021238-ozp9bei07c2aagqf3u3xg4p2impxrznc87xoisfreq.jpg\" title=\"5. Esperanto-Weltkongress, Barcelona 1909\" alt=\"Feierliche Er\u00f6ffnung des &quot;5a Universala Kongreso de Esperanto&quot;\" loading=\"lazy\" \/>\t\t\t\t\t\t\t\t\t\t\t\t\t\t\t<\/div>\n\t\t\t\t<\/div>\n\t\t\t\t\t<\/div>\n\t\t<\/div>\n\t\t\t\t\t<\/div>\n\t\t<\/section>\n\t\t\t\t<\/div>\n\t\t","protected":false},"excerpt":{"rendered":"<p>&nbsp; INSTITUTO POR TRANSNACIA KAJ SPACA HISTORIOUNIVERSITATO DE ST ANDREWS Esperanto kaj Internaciismo, \u0109.1880-1920 &nbsp;Bonvenon \u0109e &#8220;Esperanto kaj Internaciismo, \u0109. 1880-1920&#8221;, kunlabora projekto en la Lernejo pri Historio de la Universitato de St Andrews. \u0108i tie vi trovos \u0109iujn nova\u0135ojn kaj informojn pri nia laboro. Previous Next Nova\u0135oj 6 Novembro 2020 The German Historical Institute &hellip;<\/p>\n<p class=\"read-more\"> <a class=\"\" href=\"https:\/\/www.transnationalhistory.net\/esperanto\/\"> <span class=\"screen-reader-text\">\u0108efpa\u011do<\/span> Read More &raquo;<\/a><\/p>\n","protected":false},"author":5,"featured_media":0,"parent":0,"menu_order":0,"comment_status":"closed","ping_status":"closed","template":"template\/page\/fullwidth.php","meta":{"bgseo_title":"","bgseo_description":"","bgseo_robots_index":"index","bgseo_robots_follow":"follow","site-sidebar-layout":"default","site-content-layout":"default","ast-site-content-layout":"","site-content-style":"default","site-sidebar-style":"default","ast-global-header-display":"","ast-banner-title-visibility":"","ast-main-header-display":"","ast-hfb-above-header-display":"","ast-hfb-below-header-display":"","ast-hfb-mobile-header-display":"","site-post-title":"","ast-breadcrumbs-content":"","ast-featured-img":"","footer-sml-layout":"","theme-transparent-header-meta":"default","adv-header-id-meta":"","stick-header-meta":"","header-above-stick-meta":"","header-main-stick-meta":"","header-below-stick-meta":"","astra-migrate-meta-layouts":"","ast-page-background-enabled":"default","ast-page-background-meta":{"desktop":{"background-color":"","background-image":"","background-repeat":"repeat","background-position":"center center","background-size":"auto","background-attachment":"scroll","background-type":"","background-media":"","overlay-type":"","overlay-color":"","overlay-gradient":""},"tablet":{"background-color":"","background-image":"","background-repeat":"repeat","background-position":"center center","background-size":"auto","background-attachment":"scroll","background-type":"","background-media":"","overlay-type":"","overlay-color":"","overlay-gradient":""},"mobile":{"background-color":"","background-image":"","background-repeat":"repeat","background-position":"center center","background-size":"auto","background-attachment":"scroll","background-type":"","background-media":"","overlay-type":"","overlay-color":"","overlay-gradient":""}},"ast-content-background-meta":{"desktop":{"background-color":"var(--ast-global-color-5)","background-image":"","background-repeat":"repeat","background-position":"center center","background-size":"auto","background-attachment":"scroll","background-type":"","background-media":"","overlay-type":"","overlay-color":"","overlay-gradient":""},"tablet":{"background-color":"var(--ast-global-color-5)","background-image":"","background-repeat":"repeat","background-position":"center center","background-size":"auto","background-attachment":"scroll","background-type":"","background-media":"","overlay-type":"","overlay-color":"","overlay-gradient":""},"mobile":{"background-color":"var(--ast-global-color-5)","background-image":"","background-repeat":"repeat","background-position":"center center","background-size":"auto","background-attachment":"scroll","background-type":"","background-media":"","overlay-type":"","overlay-color":"","overlay-gradient":""}},"footnotes":""},"class_list":["post-395","page","type-page","status-publish","hentry"],"jetpack_sharing_enabled":true,"_links":{"self":[{"href":"https:\/\/www.transnationalhistory.net\/esperanto\/wp-json\/wp\/v2\/pages\/395","targetHints":{"allow":["GET"]}}],"collection":[{"href":"https:\/\/www.transnationalhistory.net\/esperanto\/wp-json\/wp\/v2\/pages"}],"about":[{"href":"https:\/\/www.transnationalhistory.net\/esperanto\/wp-json\/wp\/v2\/types\/page"}],"author":[{"embeddable":true,"href":"https:\/\/www.transnationalhistory.net\/esperanto\/wp-json\/wp\/v2\/users\/5"}],"replies":[{"embeddable":true,"href":"https:\/\/www.transnationalhistory.net\/esperanto\/wp-json\/wp\/v2\/comments?post=395"}],"version-history":[{"count":10,"href":"https:\/\/www.transnationalhistory.net\/esperanto\/wp-json\/wp\/v2\/pages\/395\/revisions"}],"predecessor-version":[{"id":684,"href":"https:\/\/www.transnationalhistory.net\/esperanto\/wp-json\/wp\/v2\/pages\/395\/revisions\/684"}],"wp:attachment":[{"href":"https:\/\/www.transnationalhistory.net\/esperanto\/wp-json\/wp\/v2\/media?parent=395"}],"curies":[{"name":"wp","href":"https:\/\/api.w.org\/{rel}","templated":true}]}}